{"id":730,"date":"2018-06-29T07:17:12","date_gmt":"2018-06-29T07:17:12","guid":{"rendered":"https:\/\/dev6.buchanan-solutions.com\/draft\/?page_id=730"},"modified":"2018-06-29T07:19:31","modified_gmt":"2018-06-29T07:19:31","slug":"feilte-cinnbhliana","status":"publish","type":"page","link":"https:\/\/diseart.ie\/ga\/feilte-cinnbhliana\/","title":{"rendered":"F\u00e9ilte Cinnbhliana"},"content":{"rendered":"<p>Is minic f\u00e9ilte Ceilteacha \u00e1 thabhairt ar na f\u00e9ilt\u00ed seo; n\u00ed tharla\u00edonn siad ag t\u00fas na saes\u00far ach i gc\u00f3na\u00ed idir eatarthu. Mar sin tosna\u00edmis le hImbolg a bh\u00ed agus L\u00e1 &#8216;le Br\u00edde at\u00e1; ansin Bealtaine, L\u00fanasa agus Samhain. L\u00e1 Bealtaine tiom\u00e1int\u00ed an stoc chun an bhuaile agus d&#8217;im\u00edodh an dream \u00f3g leo. N\u00ed fhillid\u00eds go l\u00e9ir abhaile go L\u00e1 Samhna. \u00d3 Shamhain go Bealtaine bh\u00ed an f\u00e9ar a bh\u00ed cosanta mar fhor\u00e1iste ag an stoc; bh\u00ed an t-im agus an ch\u00e1is agus an fheoil i gc\u00f3ngar an t\u00ed. Bh\u00ed sc\u00e9ala\u00edocht agus ceol agus rince ar an dtinte\u00e1n. Lean gn\u00e9ithe agus gn\u00e1sa \u00f3 na f\u00e9ilte seo ar aghaidh sa Chr\u00edosta\u00edocht, ach iad baistithe.<\/p>\n<p><img decoding=\"async\" src=\"https:\/\/diseart.ie\/wp-content\/uploads\/2018\/06\/5.jpg\" width=\"180\" height=\"116\" \/><\/p>\n","protected":false},"excerpt":{"rendered":"<p>Is minic f\u00e9ilte Ceilteacha \u00e1 thabhairt ar na f\u00e9ilt\u00ed seo; n\u00ed tharla\u00edonn siad ag t\u00fas na saes\u00far ach i gc\u00f3na\u00ed idir eatarthu. Mar sin tosna\u00edmis le hImbolg a bh\u00ed agus L\u00e1 &#8216;le Br\u00edde at\u00e1; ansin Bealtaine, L\u00fanasa agus Samhain. L\u00e1 Bealtaine tiom\u00e1int\u00ed an stoc chun an bhuaile agus d&#8217;im\u00edodh an dream \u00f3g leo. N\u00ed fhillid\u00eds [&hellip;]<\/p>\n","protected":false},"author":2,"featured_media":0,"parent":0,"menu_order":0,"comment_status":"closed","ping_status":"closed","template":"","meta":{"om_disable_all_campaigns":false,"_monsterinsights_skip_tracking":false,"_monsterinsights_sitenote_active":false,"_monsterinsights_sitenote_note":"","_monsterinsights_sitenote_category":0,"_uf_show_specific_survey":0,"_uf_disable_surveys":false,"ocean_post_layout":"","ocean_both_sidebars_style":"","ocean_both_sidebars_content_width":0,"ocean_both_sidebars_sidebars_width":0,"ocean_sidebar":"0","ocean_second_sidebar":"0","ocean_disable_margins":"enable","ocean_add_body_class":"","ocean_shortcode_before_top_bar":"","ocean_shortcode_after_top_bar":"","ocean_shortcode_before_header":"","ocean_shortcode_after_header":"","ocean_has_shortcode":"","ocean_shortcode_after_title":"","ocean_shortcode_before_footer_widgets":"","ocean_shortcode_after_footer_widgets":"","ocean_shortcode_before_footer_bottom":"","ocean_shortcode_after_footer_bottom":"","ocean_display_top_bar":"default","ocean_display_header":"default","ocean_header_style":"","ocean_center_header_left_menu":"0","ocean_custom_header_template":"0","ocean_custom_logo":0,"ocean_custom_retina_logo":0,"ocean_custom_logo_max_width":0,"ocean_custom_logo_tablet_max_width":0,"ocean_custom_logo_mobile_max_width":0,"ocean_custom_logo_max_height":0,"ocean_custom_logo_tablet_max_height":0,"ocean_custom_logo_mobile_max_height":0,"ocean_header_custom_menu":"0","ocean_menu_typo_font_family":"","ocean_menu_typo_font_subset":"","ocean_menu_typo_font_size":0,"ocean_menu_typo_font_size_tablet":0,"ocean_menu_typo_font_size_mobile":0,"ocean_menu_typo_font_size_unit":"px","ocean_menu_typo_font_weight":"","ocean_menu_typo_font_weight_tablet":"","ocean_menu_typo_font_weight_mobile":"","ocean_menu_typo_transform":"","ocean_menu_typo_transform_tablet":"","ocean_menu_typo_transform_mobile":"","ocean_menu_typo_line_height":0,"ocean_menu_typo_line_height_tablet":0,"ocean_menu_typo_line_height_mobile":0,"ocean_menu_typo_line_height_unit":"","ocean_menu_typo_spacing":0,"ocean_menu_typo_spacing_tablet":0,"ocean_menu_typo_spacing_mobile":0,"ocean_menu_typo_spacing_unit":"","ocean_menu_link_color":"","ocean_menu_link_color_hover":"","ocean_menu_link_color_active":"","ocean_menu_link_background":"","ocean_menu_link_hover_background":"","ocean_menu_link_active_background":"","ocean_menu_social_links_bg":"","ocean_menu_social_hover_links_bg":"","ocean_menu_social_links_color":"","ocean_menu_social_hover_links_color":"","ocean_disable_title":"default","ocean_disable_heading":"default","ocean_post_title":"","ocean_post_subheading":"","ocean_post_title_style":"","ocean_post_title_background_color":"","ocean_post_title_background":0,"ocean_post_title_bg_image_position":"","ocean_post_title_bg_image_attachment":"","ocean_post_title_bg_image_repeat":"","ocean_post_title_bg_image_size":"","ocean_post_title_height":0,"ocean_post_title_bg_overlay":0.5,"ocean_post_title_bg_overlay_color":"","ocean_disable_breadcrumbs":"default","ocean_breadcrumbs_color":"","ocean_breadcrumbs_separator_color":"","ocean_breadcrumbs_links_color":"","ocean_breadcrumbs_links_hover_color":"","ocean_display_footer_widgets":"default","ocean_display_footer_bottom":"default","ocean_custom_footer_template":"","footnotes":""},"class_list":["post-730","page","type-page","status-publish","hentry","entry","owp-thumbs-layout-horizontal","owp-btn-normal","owp-tabs-layout-horizontal","has-no-thumbnails","has-product-nav"],"aioseo_notices":[],"yoast_head":"<!-- This site is optimized with the Yoast SEO plugin v26.4 - https:\/\/yoast.com\/wordpress\/plugins\/seo\/ -->\n<title>F\u00e9ilte Cinnbhliana - D\u00edseart Institute of Irish Spirituality and Culture in Dingle<\/title>\n<meta name=\"robots\" content=\"index, follow, max-snippet:-1, max-image-preview:large, max-video-preview:-1\" \/>\n<link rel=\"canonical\" href=\"https:\/\/diseart.ie\/ga\/feilte-cinnbhliana\/\" \/>\n<meta property=\"og:locale\" content=\"ga_IE\" \/>\n<meta property=\"og:type\" content=\"article\" \/>\n<meta property=\"og:title\" content=\"F\u00e9ilte Cinnbhliana - D\u00edseart Institute of Irish Spirituality and Culture in Dingle\" \/>\n<meta property=\"og:description\" content=\"Is minic f\u00e9ilte Ceilteacha \u00e1 thabhairt ar na f\u00e9ilt\u00ed seo; n\u00ed tharla\u00edonn siad ag t\u00fas na saes\u00far ach i gc\u00f3na\u00ed idir eatarthu. Mar sin tosna\u00edmis le hImbolg a bh\u00ed agus L\u00e1 &#8216;le Br\u00edde at\u00e1; ansin Bealtaine, L\u00fanasa agus Samhain. L\u00e1 Bealtaine tiom\u00e1int\u00ed an stoc chun an bhuaile agus d&#8217;im\u00edodh an dream \u00f3g leo. N\u00ed fhillid\u00eds [&hellip;]\" \/>\n<meta property=\"og:url\" content=\"https:\/\/diseart.ie\/ga\/feilte-cinnbhliana\/\" \/>\n<meta property=\"og:site_name\" content=\"D\u00edseart Institute of Irish Spirituality and Culture in Dingle\" \/>\n<meta property=\"article:publisher\" content=\"https:\/\/www.facebook.com\/An-D%c3%adseart-262189877130385\/?ref=br_rs\" \/>\n<meta property=\"article:modified_time\" content=\"2018-06-29T07:19:31+00:00\" \/>\n<meta property=\"og:image\" content=\"https:\/\/diseart.ie\/wp-content\/uploads\/2018\/06\/5.jpg\" \/>\n<meta name=\"twitter:card\" content=\"summary_large_image\" \/>\n<meta name=\"twitter:label1\" content=\"Est. reading time\" \/>\n\t<meta name=\"twitter:data1\" content=\"1 minute\" \/>\n<script type=\"application\/ld+json\" class=\"yoast-schema-graph\">{\"@context\":\"https:\/\/schema.org\",\"@graph\":[{\"@type\":\"WebPage\",\"@id\":\"https:\/\/diseart.ie\/ga\/feilte-cinnbhliana\/\",\"url\":\"https:\/\/diseart.ie\/ga\/feilte-cinnbhliana\/\",\"name\":\"F\u00e9ilte Cinnbhliana - D\u00edseart Institute of Irish Spirituality and Culture in Dingle\",\"isPartOf\":{\"@id\":\"https:\/\/diseart.ie\/#website\"},\"primaryImageOfPage\":{\"@id\":\"https:\/\/diseart.ie\/ga\/feilte-cinnbhliana\/#primaryimage\"},\"image\":{\"@id\":\"https:\/\/diseart.ie\/ga\/feilte-cinnbhliana\/#primaryimage\"},\"thumbnailUrl\":\"https:\/\/diseart.ie\/wp-content\/uploads\/2018\/06\/5.jpg\",\"datePublished\":\"2018-06-29T07:17:12+00:00\",\"dateModified\":\"2018-06-29T07:19:31+00:00\",\"breadcrumb\":{\"@id\":\"https:\/\/diseart.ie\/ga\/feilte-cinnbhliana\/#breadcrumb\"},\"inLanguage\":\"ga-IE\",\"potentialAction\":[{\"@type\":\"ReadAction\",\"target\":[\"https:\/\/diseart.ie\/ga\/feilte-cinnbhliana\/\"]}]},{\"@type\":\"ImageObject\",\"inLanguage\":\"ga-IE\",\"@id\":\"https:\/\/diseart.ie\/ga\/feilte-cinnbhliana\/#primaryimage\",\"url\":\"https:\/\/diseart.ie\/wp-content\/uploads\/2018\/06\/5.jpg\",\"contentUrl\":\"https:\/\/diseart.ie\/wp-content\/uploads\/2018\/06\/5.jpg\"},{\"@type\":\"BreadcrumbList\",\"@id\":\"https:\/\/diseart.ie\/ga\/feilte-cinnbhliana\/#breadcrumb\",\"itemListElement\":[{\"@type\":\"ListItem\",\"position\":1,\"name\":\"Home\",\"item\":\"https:\/\/diseart.ie\/ga\/\"},{\"@type\":\"ListItem\",\"position\":2,\"name\":\"F\u00e9ilte Cinnbhliana\"}]},{\"@type\":\"WebSite\",\"@id\":\"https:\/\/diseart.ie\/#website\",\"url\":\"https:\/\/diseart.ie\/\",\"name\":\"D\u00edseart Institute of Irish Spirituality and Culture in Dingle\",\"description\":\"Dingle, Kerry, Ireland\",\"publisher\":{\"@id\":\"https:\/\/diseart.ie\/#organization\"},\"potentialAction\":[{\"@type\":\"SearchAction\",\"target\":{\"@type\":\"EntryPoint\",\"urlTemplate\":\"https:\/\/diseart.ie\/?s={search_term_string}\"},\"query-input\":{\"@type\":\"PropertyValueSpecification\",\"valueRequired\":true,\"valueName\":\"search_term_string\"}}],\"inLanguage\":\"ga-IE\"},{\"@type\":\"Organization\",\"@id\":\"https:\/\/diseart.ie\/#organization\",\"name\":\"D\u00edseart Centre of Irish Spirituality and Culture\",\"url\":\"https:\/\/diseart.ie\/\",\"logo\":{\"@type\":\"ImageObject\",\"inLanguage\":\"ga-IE\",\"@id\":\"https:\/\/diseart.ie\/#\/schema\/logo\/image\/\",\"url\":\"http:\/\/diseart.ie\/wp-content\/uploads\/2018\/06\/diseart-logo-v2.png\",\"contentUrl\":\"http:\/\/diseart.ie\/wp-content\/uploads\/2018\/06\/diseart-logo-v2.png\",\"width\":400,\"height\":150,\"caption\":\"D\u00edseart Centre of Irish Spirituality and Culture\"},\"image\":{\"@id\":\"https:\/\/diseart.ie\/#\/schema\/logo\/image\/\"},\"sameAs\":[\"https:\/\/www.facebook.com\/An-D\u00edseart-262189877130385\/?ref=br_rs\"]}]}<\/script>\n<!-- \/ Yoast SEO plugin. -->","yoast_head_json":{"title":"F\u00e9ilte Cinnbhliana - D\u00edseart Institute of Irish Spirituality and Culture in Dingle","robots":{"index":"index","follow":"follow","max-snippet":"max-snippet:-1","max-image-preview":"max-image-preview:large","max-video-preview":"max-video-preview:-1"},"canonical":"https:\/\/diseart.ie\/ga\/feilte-cinnbhliana\/","og_locale":"ga_IE","og_type":"article","og_title":"F\u00e9ilte Cinnbhliana - D\u00edseart Institute of Irish Spirituality and Culture in Dingle","og_description":"Is minic f\u00e9ilte Ceilteacha \u00e1 thabhairt ar na f\u00e9ilt\u00ed seo; n\u00ed tharla\u00edonn siad ag t\u00fas na saes\u00far ach i gc\u00f3na\u00ed idir eatarthu. Mar sin tosna\u00edmis le hImbolg a bh\u00ed agus L\u00e1 &#8216;le Br\u00edde at\u00e1; ansin Bealtaine, L\u00fanasa agus Samhain. L\u00e1 Bealtaine tiom\u00e1int\u00ed an stoc chun an bhuaile agus d&#8217;im\u00edodh an dream \u00f3g leo. N\u00ed fhillid\u00eds [&hellip;]","og_url":"https:\/\/diseart.ie\/ga\/feilte-cinnbhliana\/","og_site_name":"D\u00edseart Institute of Irish Spirituality and Culture in Dingle","article_publisher":"https:\/\/www.facebook.com\/An-D%c3%adseart-262189877130385\/?ref=br_rs","article_modified_time":"2018-06-29T07:19:31+00:00","og_image":[{"url":"https:\/\/diseart.ie\/wp-content\/uploads\/2018\/06\/5.jpg","type":"","width":"","height":""}],"twitter_card":"summary_large_image","twitter_misc":{"Est. reading time":"1 minute"},"schema":{"@context":"https:\/\/schema.org","@graph":[{"@type":"WebPage","@id":"https:\/\/diseart.ie\/ga\/feilte-cinnbhliana\/","url":"https:\/\/diseart.ie\/ga\/feilte-cinnbhliana\/","name":"F\u00e9ilte Cinnbhliana - D\u00edseart Institute of Irish Spirituality and Culture in Dingle","isPartOf":{"@id":"https:\/\/diseart.ie\/#website"},"primaryImageOfPage":{"@id":"https:\/\/diseart.ie\/ga\/feilte-cinnbhliana\/#primaryimage"},"image":{"@id":"https:\/\/diseart.ie\/ga\/feilte-cinnbhliana\/#primaryimage"},"thumbnailUrl":"https:\/\/diseart.ie\/wp-content\/uploads\/2018\/06\/5.jpg","datePublished":"2018-06-29T07:17:12+00:00","dateModified":"2018-06-29T07:19:31+00:00","breadcrumb":{"@id":"https:\/\/diseart.ie\/ga\/feilte-cinnbhliana\/#breadcrumb"},"inLanguage":"ga-IE","potentialAction":[{"@type":"ReadAction","target":["https:\/\/diseart.ie\/ga\/feilte-cinnbhliana\/"]}]},{"@type":"ImageObject","inLanguage":"ga-IE","@id":"https:\/\/diseart.ie\/ga\/feilte-cinnbhliana\/#primaryimage","url":"https:\/\/diseart.ie\/wp-content\/uploads\/2018\/06\/5.jpg","contentUrl":"https:\/\/diseart.ie\/wp-content\/uploads\/2018\/06\/5.jpg"},{"@type":"BreadcrumbList","@id":"https:\/\/diseart.ie\/ga\/feilte-cinnbhliana\/#breadcrumb","itemListElement":[{"@type":"ListItem","position":1,"name":"Home","item":"https:\/\/diseart.ie\/ga\/"},{"@type":"ListItem","position":2,"name":"F\u00e9ilte Cinnbhliana"}]},{"@type":"WebSite","@id":"https:\/\/diseart.ie\/#website","url":"https:\/\/diseart.ie\/","name":"D\u00edseart Institute of Irish Spirituality and Culture in Dingle","description":"Dingle, Kerry, Ireland","publisher":{"@id":"https:\/\/diseart.ie\/#organization"},"potentialAction":[{"@type":"SearchAction","target":{"@type":"EntryPoint","urlTemplate":"https:\/\/diseart.ie\/?s={search_term_string}"},"query-input":{"@type":"PropertyValueSpecification","valueRequired":true,"valueName":"search_term_string"}}],"inLanguage":"ga-IE"},{"@type":"Organization","@id":"https:\/\/diseart.ie\/#organization","name":"D\u00edseart Centre of Irish Spirituality and Culture","url":"https:\/\/diseart.ie\/","logo":{"@type":"ImageObject","inLanguage":"ga-IE","@id":"https:\/\/diseart.ie\/#\/schema\/logo\/image\/","url":"http:\/\/diseart.ie\/wp-content\/uploads\/2018\/06\/diseart-logo-v2.png","contentUrl":"http:\/\/diseart.ie\/wp-content\/uploads\/2018\/06\/diseart-logo-v2.png","width":400,"height":150,"caption":"D\u00edseart Centre of Irish Spirituality and Culture"},"image":{"@id":"https:\/\/diseart.ie\/#\/schema\/logo\/image\/"},"sameAs":["https:\/\/www.facebook.com\/An-D\u00edseart-262189877130385\/?ref=br_rs"]}]}},"_links":{"self":[{"href":"https:\/\/diseart.ie\/ga\/wp-json\/wp\/v2\/pages\/730","targetHints":{"allow":["GET"]}}],"collection":[{"href":"https:\/\/diseart.ie\/ga\/wp-json\/wp\/v2\/pages"}],"about":[{"href":"https:\/\/diseart.ie\/ga\/wp-json\/wp\/v2\/types\/page"}],"author":[{"embeddable":true,"href":"https:\/\/diseart.ie\/ga\/wp-json\/wp\/v2\/users\/2"}],"replies":[{"embeddable":true,"href":"https:\/\/diseart.ie\/ga\/wp-json\/wp\/v2\/comments?post=730"}],"version-history":[{"count":3,"href":"https:\/\/diseart.ie\/ga\/wp-json\/wp\/v2\/pages\/730\/revisions"}],"predecessor-version":[{"id":734,"href":"https:\/\/diseart.ie\/ga\/wp-json\/wp\/v2\/pages\/730\/revisions\/734"}],"wp:attachment":[{"href":"https:\/\/diseart.ie\/ga\/wp-json\/wp\/v2\/media?parent=730"}],"curies":[{"name":"wp","href":"https:\/\/api.w.org\/{rel}","templated":true}]}}