{"version":"1.0","provider_name":"D\u00edseart Institute of Irish Spirituality and Culture in Dingle","provider_url":"https:\/\/diseart.ie\/ga\/","title":"Fili\u00f3cht \u00f3 Bh\u00e9al agus Ceol sa D\u00edseart - D\u00edseart Institute of Irish Spirituality and Culture in Dingle","type":"rich","width":600,"height":338,"html":"<blockquote class=\"wp-embedded-content\" data-secret=\"CS3osw1pGN\"><a href=\"https:\/\/diseart.ie\/ga\/filiocht-o-bheal-agus-ceol-sa-diseart\/\">Fili\u00f3cht \u00f3 Bh\u00e9al agus Ceol sa D\u00edseart<\/a><\/blockquote><iframe sandbox=\"allow-scripts\" security=\"restricted\" src=\"https:\/\/diseart.ie\/ga\/filiocht-o-bheal-agus-ceol-sa-diseart\/embed\/#?secret=CS3osw1pGN\" width=\"600\" height=\"338\" title=\"&#8220;Fili\u00f3cht \u00f3 Bh\u00e9al agus Ceol sa D\u00edseart&#8221; &#8212; D\u00edseart Institute of Irish Spirituality and Culture in Dingle\" data-secret=\"CS3osw1pGN\" frameborder=\"0\" marginwidth=\"0\" marginheight=\"0\" scrolling=\"no\" class=\"wp-embedded-content\"><\/iframe><script>\n\/*! This file is auto-generated *\/\n!function(d,l){\"use strict\";l.querySelector&&d.addEventListener&&\"undefined\"!=typeof URL&&(d.wp=d.wp||{},d.wp.receiveEmbedMessage||(d.wp.receiveEmbedMessage=function(e){var t=e.data;if((t||t.secret||t.message||t.value)&&!\/[^a-zA-Z0-9]\/.test(t.secret)){for(var s,r,n,a=l.querySelectorAll('iframe[data-secret=\"'+t.secret+'\"]'),o=l.querySelectorAll('blockquote[data-secret=\"'+t.secret+'\"]'),c=new RegExp(\"^https?:$\",\"i\"),i=0;i<o.length;i++)o[i].style.display=\"none\";for(i=0;i<a.length;i++)s=a[i],e.source===s.contentWindow&&(s.removeAttribute(\"style\"),\"height\"===t.message?(1e3<(r=parseInt(t.value,10))?r=1e3:~~r<200&&(r=200),s.height=r):\"link\"===t.message&&(r=new URL(s.getAttribute(\"src\")),n=new URL(t.value),c.test(n.protocol))&&n.host===r.host&&l.activeElement===s&&(d.top.location.href=t.value))}},d.addEventListener(\"message\",d.wp.receiveEmbedMessage,!1),l.addEventListener(\"DOMContentLoaded\",function(){for(var e,t,s=l.querySelectorAll(\"iframe.wp-embedded-content\"),r=0;r<s.length;r++)(t=(e=s[r]).getAttribute(\"data-secret\"))||(t=Math.random().toString(36).substring(2,12),e.src+=\"#?secret=\"+t,e.setAttribute(\"data-secret\",t)),e.contentWindow.postMessage({message:\"ready\",secret:t},\"*\")},!1)))}(window,document);\n<\/script>\n","description":"Fil\u00edocht \u00f3 Bh\u00e9al agus Ceol sa D\u00edseart 24\/06\/22- An D\u00edseart @ 8inFil\u00edocht \u00f3 bh\u00e9al agus ceol.Leis an bhfile aitheanta Marcus Mac Conghail, ceol \u00f3 Naoise Mac Conghail, agus aoieanna eile ar an o\u00edche.Tic\u00e9id ar f\u00e1il ag an doras n\u00f3 ar Eventbrite (nasc th\u00edosluaite) O\u00edche Fil\u00edochta is Ceoil, (An D\u00edseart: 24 Meitheamh, 8PM) Tickets, Fri 24 [&hellip;]","thumbnail_url":"https:\/\/diseart.ie\/wp-content\/uploads\/2022\/06\/colm-ceolchoirm-1024x1024.jpg"}