{"version":"1.0","provider_name":"D\u00edseart Institute of Irish Spirituality and Culture in Dingle","provider_url":"https:\/\/diseart.ie\/ga\/","title":"File B\u00e9il - D\u00edseart Institute of Irish Spirituality and Culture in Dingle","type":"rich","width":600,"height":338,"html":"<blockquote class=\"wp-embedded-content\" data-secret=\"C2ZimbgwN2\"><a href=\"https:\/\/diseart.ie\/ga\/file-beil\/\">File B\u00e9il<\/a><\/blockquote><iframe sandbox=\"allow-scripts\" security=\"restricted\" src=\"https:\/\/diseart.ie\/ga\/file-beil\/embed\/#?secret=C2ZimbgwN2\" width=\"600\" height=\"338\" title=\"&#8220;File B\u00e9il&#8221; &#8212; D\u00edseart Institute of Irish Spirituality and Culture in Dingle\" data-secret=\"C2ZimbgwN2\" frameborder=\"0\" marginwidth=\"0\" marginheight=\"0\" scrolling=\"no\" class=\"wp-embedded-content\"><\/iframe><script>\n\/*! This file is auto-generated *\/\n!function(d,l){\"use strict\";l.querySelector&&d.addEventListener&&\"undefined\"!=typeof URL&&(d.wp=d.wp||{},d.wp.receiveEmbedMessage||(d.wp.receiveEmbedMessage=function(e){var t=e.data;if((t||t.secret||t.message||t.value)&&!\/[^a-zA-Z0-9]\/.test(t.secret)){for(var s,r,n,a=l.querySelectorAll('iframe[data-secret=\"'+t.secret+'\"]'),o=l.querySelectorAll('blockquote[data-secret=\"'+t.secret+'\"]'),c=new RegExp(\"^https?:$\",\"i\"),i=0;i<o.length;i++)o[i].style.display=\"none\";for(i=0;i<a.length;i++)s=a[i],e.source===s.contentWindow&&(s.removeAttribute(\"style\"),\"height\"===t.message?(1e3<(r=parseInt(t.value,10))?r=1e3:~~r<200&&(r=200),s.height=r):\"link\"===t.message&&(r=new URL(s.getAttribute(\"src\")),n=new URL(t.value),c.test(n.protocol))&&n.host===r.host&&l.activeElement===s&&(d.top.location.href=t.value))}},d.addEventListener(\"message\",d.wp.receiveEmbedMessage,!1),l.addEventListener(\"DOMContentLoaded\",function(){for(var e,t,s=l.querySelectorAll(\"iframe.wp-embedded-content\"),r=0;r<s.length;r++)(t=(e=s[r]).getAttribute(\"data-secret\"))||(t=Math.random().toString(36).substring(2,12),e.src+=\"#?secret=\"+t,e.setAttribute(\"data-secret\",t)),e.contentWindow.postMessage({message:\"ready\",secret:t},\"*\")},!1)))}(window,document);\n<\/script>\n","description":"Sc\u00e9alta \u00f3n nD\u00edseart Bronnadh Spar\u00e1ntacht an D\u00edsirt ar Cholm Mac Gearailt \u00f3 Chathair Scoilb\u00edn le d\u00e9\u00e1na\u00ed \u2013 tr\u00e9imhse c\u00f3naitheach mar Fhile B\u00e9il.\u00a0 Beidh Colm lonnaithe sa D\u00edseart \u00f3 th\u00fas Mhe\u00e1n F\u00f3mhair 2021 \u2013 go Deireadh Feabhra 2022 agus baint aige le gr\u00fapa\u00ed \u00a0sa Phobalscoil agus le gr\u00fapa\u00ed eile sa phobal. Beidh s\u00e9 ag comhoibri\u00fa le [&hellip;]","thumbnail_url":"https:\/\/diseart.ie\/wp-content\/uploads\/2021\/06\/colm-mac-gearailt-for-web-683x1024.jpg"}